{"id":10,"date":"2011-07-30T10:22:00","date_gmt":"2011-07-30T10:22:00","guid":{"rendered":"https:\/\/aikidojo.fr\/ajaccio\/?page_id=10"},"modified":"2026-03-30T20:12:05","modified_gmt":"2026-03-30T20:12:05","slug":"stages-aikido-corse-ajaccio","status":"publish","type":"page","link":"https:\/\/aikidojo.fr\/ajaccio\/stages-aikido-corse-ajaccio","title":{"rendered":"Stages"},"content":{"rendered":"\n<div class=\"wp-block-group\"><div class=\"wp-block-group__inner-container is-layout-constrained wp-block-group-is-layout-constrained\">\n<blockquote>\n<p style=\"text-align: justify;\"><span style=\"color: #888888;\">Liste pr\u00e9visionnelle des stages et sessions uchi deshi que nous organisons \u00e0 l&rsquo;Aikidojo d&rsquo;Ajaccio en 2024 \/ 2025, ainsi que ceux auxquels nous participerons. D&rsquo;autres \u00e9v\u00e8nements peuvent se greffer en cours de saison<\/span><\/p>\n<p style=\"text-align: justify;\"><strong>Nous rappelons que tous nos stages sont ouverts \u00e0 tous pratiquants d&rsquo;aikido quelque soit leur \u00e9cole.<\/strong><\/p>\n<\/blockquote>\n<p><a href=\"https:\/\/aikidojo.fr\/ajaccio\/stages-aikido-corse-ajaccio\/attachment\/rassemblement_ufolep_01__stef-bravin#main\"><img loading=\"lazy\" decoding=\"async\" class=\"aligncenter wp-image-2997 size-full\" src=\"https:\/\/aikidojo.fr\/ajaccio\/wp-content\/uploads\/2023\/06\/rassemblement_ufolep_01_\u00a9_Stef-Bravin-scaled.jpeg\" alt=\"Stage Aikido rassemblement ufolep\" width=\"2560\" height=\"1163\" srcset=\"https:\/\/aikidojo.fr\/ajaccio\/wp-content\/uploads\/2023\/06\/rassemblement_ufolep_01_\u00a9_Stef-Bravin-scaled.jpeg 2560w, https:\/\/aikidojo.fr\/ajaccio\/wp-content\/uploads\/2023\/06\/rassemblement_ufolep_01_\u00a9_Stef-Bravin-300x136.jpeg 300w, https:\/\/aikidojo.fr\/ajaccio\/wp-content\/uploads\/2023\/06\/rassemblement_ufolep_01_\u00a9_Stef-Bravin-580x264.jpeg 580w, https:\/\/aikidojo.fr\/ajaccio\/wp-content\/uploads\/2023\/06\/rassemblement_ufolep_01_\u00a9_Stef-Bravin-768x349.jpeg 768w, https:\/\/aikidojo.fr\/ajaccio\/wp-content\/uploads\/2023\/06\/rassemblement_ufolep_01_\u00a9_Stef-Bravin-1536x698.jpeg 1536w, https:\/\/aikidojo.fr\/ajaccio\/wp-content\/uploads\/2023\/06\/rassemblement_ufolep_01_\u00a9_Stef-Bravin-2048x931.jpeg 2048w\" sizes=\"(max-width: 2560px) 100vw, 2560px\" \/><\/a><\/p>\n<h3>\u00a0<\/h3>\n<\/div><\/div>\n\n\n\n<h3 class=\"wp-block-heading\"><\/h3>\n\n\n\n<h3 class=\"wp-block-heading\">F\u00e9vrier 2026<\/h3>\n\n\n\n<p>7 et 8 |&nbsp;stage international | Tous niveaux | Aikido |<strong>Ulf Evenas<\/strong> |&nbsp;Retiers (29) | <a href=\"https:\/\/www.helloasso.com\/associations\/iwama-takemusu-aikido-fondamental-aiki-dojo-iwama-koryu-kawasemi-juku\/evenements\/registration-for-ulf-evanas-shihan-seminar\" target=\"_blank\" rel=\"noreferrer noopener\">infos et inscriptions<\/a> <\/p>\n\n\n\n<h3 class=\"wp-block-heading\">Mars 2026<\/h3>\n\n\n\n<p>15\/03 |Inter-dojos | Tous niveaux | Aikido | Stef Bravin | Chateau-Gombert Marseille (13) | <a href=\"https:\/\/aikidojo.fr\/ajaccio\/wp-content\/uploads\/2026\/03\/Stage_aikido_Iwama_Marseille_Stephane_Bravin.jpeg\" target=\"_blank\" rel=\"noreferrer noopener\">infos<\/a><\/p>\n\n\n\n<p>29\/03 |Inter-dojos | Tous niveaux | Aikido | Dojochos | Plougoumelen (56)<\/p>\n\n\n\n<h3 class=\"wp-block-heading\">Avril 2026<\/h3>\n\n\n\n<p>11\/04 |&nbsp;Stage Pr\u00e9paration passage de grades | Tous niveaux | Aikido | Dojochos | Org\u00e8res (35)<\/p>\n\n\n\n<p>19\/04 |\u00a0Stage Priv\u00e9 | Tous niveaux | Aikido | Stephane Bravin | Pierres\/Maintenon (28) | <a href=\"https:\/\/aikidojo.fr\/ajaccio\/wp-content\/uploads\/2026\/03\/stage-aikido-maintenon-stephane-bravin.jpg\">affiche<\/a><\/p>\n\n\n\n<h3 class=\"wp-block-heading\">Mai 2026<\/h3>\n\n\n\n<p>30\/05 |&nbsp;Inter-dojos | Tous niveaux | Aikido | Dojochos | Liffr\u00e9 (35)<\/p>\n\n\n\n<h3 class=\"wp-block-heading\">Juin 2026<\/h3>\n\n\n\n<p>06-07\/06 |&nbsp;Inter-dojos | Tous niveaux | Aikido |Dojochos |&nbsp;Lannion (22)<\/p>\n\n\n\n<h3 class=\"wp-block-heading\">Juillet 2026<\/h3>\n\n\n\n<p>05\/07 |&nbsp;Inter-dojos | Tous niveaux | Aikido | St\u00e9phane Bravin, Jean Charles Lanusse et Olivier Chiocca |&nbsp;Vizzavona (2B)<\/p>\n\n\n\n<h2 class=\"wp-block-heading\">Programme Uchi Deshi<\/h2>\n\n\n\n<p>St\u00e9phane Bravin accueille des \u00e9l\u00e8ves internes <em>(uchi deshi)<\/em> dans son dojo d&rsquo;Ajaccio, l&rsquo;Aikidojo. Ces stages intensifs ont pour but de transmettre les bases fondamentales de l&rsquo;aikido de mani\u00e8re plus approfondie. Ces s\u00e9jours de formation se d\u00e9roulent dans une atmosph\u00e8re conforme \u00e0 celle&nbsp;du <a href=\"https:\/\/aikidojo.fr\/ajaccio\/photo\/277-semaine-uchi-deshi-a-rennes-decembre-2004.html\" target=\"_blank\" rel=\"noreferrer noopener\">dojo de Daniel TOUTAIN<\/a> \u00e0 Rennes, et telle que ce dernier l&rsquo;a v\u00e9cu au Japon dans le dojo du Fondateur aupr\u00e8s de Saito Morihiro Sensei.<\/p>\n\n\n\n<p>Les frais de participation au fonctionnement du dojo sont fix\u00e9s \u00e0 10 euros par jour par pratiquant, le cours r\u00e9gulier du jeudi soir est gratuit, les petits-d\u00e9jeuners se prennent au dojo. Reste \u00e0 la charge des uchi deshi l&rsquo;h\u00e9bergement et l&rsquo;ensemble des repas <em>(nous avons un <a href=\"http:\/\/www.residenceeasylodge.com\" target=\"_blank\" rel=\"noreferrer noopener\">appart-hotel easylodge<\/a> \u00e0 2 min \u00e0 pieds du dojo)<\/em><\/p>\n\n\n\n<p>Pour le moment, les s\u00e9jours sont sur 3 jours : du jeudi au samedi, avec un <strong>minimum de 4 pratiquants.<\/strong><\/p>\n\n\n\n<p><strong>Jeudi<\/strong><\/p>\n\n\n\n<ul class=\"wp-block-list\">\n<li>16h &#8211; 17h15 : bukiwaza (armes ken ou jo)<\/li>\n\n\n\n<li>17h15 &#8211; 18h30 : taijutsu (mains nues)<\/li>\n\n\n\n<li>19h &#8211; 21h00 : cours r\u00e9guliers du dojo avec tous les deshi<\/li>\n<\/ul>\n\n\n\n<p><strong>Vendredi et samedi<\/strong><\/p>\n\n\n\n<ul class=\"wp-block-list\">\n<li>7h &#8211; 7h45 : m\u00e9ditation et suburi<\/li>\n\n\n\n<li>8h00 &#8211; 9h00 petit d\u00e9jeuner et nettoyage dojo<\/li>\n\n\n\n<li>9h00 &#8211; 10h00 cours intensif bukiwaza<\/li>\n\n\n\n<li>10h00 &#8211; 11h00 cours intensif taijutsu<\/li>\n<\/ul>\n\n\n\n<p>Les apr\u00e8s-midi sont d\u00e9di\u00e9s au repos et au travail libre sur les points \u00e9tudi\u00e9s le matin. Une biblioth\u00e8que est \u00e0 la disposition des uchi deshi.<\/p>\n\n\n\n<p>Pour participer \u00e0 ces sessions, veuillez vous inscrire par email \u00e0 <a href=\"mailto:aikidojo-ajaccio@orange.fr\">aikidojo-ajaccio@orange.fr<\/a> , 30 jours minimum avant la date, avec les informations suivantes :<\/p>\n\n\n\n<ul class=\"wp-block-list\">\n<li>Nom<\/li>\n\n\n\n<li>Pr\u00e9nom<\/li>\n\n\n\n<li>adresse postale<\/li>\n\n\n\n<li>adresse email<\/li>\n\n\n\n<li>t\u00e9l\u00e9phone<\/li>\n\n\n\n<li>date de d\u00e9but en aikido<\/li>\n\n\n\n<li>dojo actuel<\/li>\n\n\n\n<li>grade<\/li>\n<\/ul>\n\n\n<div class=\"wp-block-image\">\n<figure class=\"aligncenter size-large\"><img loading=\"lazy\" decoding=\"async\" width=\"580\" height=\"386\" src=\"https:\/\/aikidojo.fr\/ajaccio\/wp-content\/uploads\/2023\/08\/rassemblement_ufolep_13_02-\u00a9_Stef-Bravin-580x386.jpg\" alt=\"stage anim\u00e9 par STEPHANE BRAVIN LORS DU RASSEMBLEMENT NATIONAL UFOLEP\" class=\"wp-image-3106\" srcset=\"https:\/\/aikidojo.fr\/ajaccio\/wp-content\/uploads\/2023\/08\/rassemblement_ufolep_13_02-\u00a9_Stef-Bravin-580x386.jpg 580w, https:\/\/aikidojo.fr\/ajaccio\/wp-content\/uploads\/2023\/08\/rassemblement_ufolep_13_02-\u00a9_Stef-Bravin-300x200.jpg 300w, https:\/\/aikidojo.fr\/ajaccio\/wp-content\/uploads\/2023\/08\/rassemblement_ufolep_13_02-\u00a9_Stef-Bravin-768x511.jpg 768w, https:\/\/aikidojo.fr\/ajaccio\/wp-content\/uploads\/2023\/08\/rassemblement_ufolep_13_02-\u00a9_Stef-Bravin-1536x1022.jpg 1536w, https:\/\/aikidojo.fr\/ajaccio\/wp-content\/uploads\/2023\/08\/rassemblement_ufolep_13_02-\u00a9_Stef-Bravin.jpg 1657w\" sizes=\"(max-width: 580px) 100vw, 580px\" \/><\/figure><\/div>","protected":false},"excerpt":{"rendered":"<p>Liste pr\u00e9visionnelle des stages et sessions uchi deshi que nous organisons \u00e0 l&rsquo;Aikidojo d&rsquo;Ajaccio en 2024 \/ 2025, ainsi que ceux auxquels nous participerons. D&rsquo;autres \u00e9v\u00e8nements peuvent se greffer en cours de saison Nous rappelons que tous nos stages sont ouverts \u00e0 tous pratiquants d&rsquo;aikido quelque soit leur \u00e9cole. \u00a0 F\u00e9vrier 2026 7 et 8 &#8230; <a title=\"Stages\" class=\"read-more\" href=\"https:\/\/aikidojo.fr\/ajaccio\/stages-aikido-corse-ajaccio\" aria-label=\"En savoir plus sur Stages\">Lire plus<\/a><\/p>\n","protected":false},"author":1,"featured_media":0,"parent":0,"menu_order":80,"comment_status":"open","ping_status":"closed","template":"","meta":{"footnotes":""},"class_list":{"0":"post-10","1":"page","2":"type-page","3":"status-publish","5":"infinite-scroll-item"},"yoast_head":"<!-- This site is optimized with the Yoast SEO plugin v23.4 - https:\/\/yoast.com\/wordpress\/plugins\/seo\/ -->\n<title>Stages - Cours d&#039;Aikido Fondamental \u00e0 Ajaccio<\/title>\n<meta name=\"description\" content=\"Stage aikido dirig\u00e9 par Stef Bravin \u00e0 Lyon en octobre 2022 lors du rassemblement national ufolep\" \/>\n<meta name=\"robots\" content=\"index, follow, max-snippet:-1, max-image-preview:large, max-video-preview:-1\" \/>\n<link rel=\"canonical\" href=\"https:\/\/aikidojo.fr\/ajaccio\/stages-aikido-corse-ajaccio\" \/>\n<meta property=\"og:locale\" content=\"fr_FR\" \/>\n<meta property=\"og:type\" content=\"article\" \/>\n<meta property=\"og:title\" content=\"Stages - Cours d&#039;Aikido Fondamental \u00e0 Ajaccio\" \/>\n<meta property=\"og:description\" content=\"Stage aikido dirig\u00e9 par Stef Bravin \u00e0 Lyon en octobre 2022 lors du rassemblement national ufolep\" \/>\n<meta property=\"og:url\" content=\"https:\/\/aikidojo.fr\/ajaccio\/stages-aikido-corse-ajaccio\" \/>\n<meta property=\"og:site_name\" content=\"Cours d&#039;Aikido Fondamental \u00e0 Ajaccio\" \/>\n<meta property=\"article:publisher\" content=\"https:\/\/www.facebook.com\/aikidojoajaccio\" \/>\n<meta property=\"article:modified_time\" content=\"2026-03-30T20:12:05+00:00\" \/>\n<meta name=\"twitter:card\" content=\"summary_large_image\" \/>\n<meta name=\"twitter:label1\" content=\"Dur\u00e9e de lecture estim\u00e9e\" \/>\n\t<meta name=\"twitter:data1\" content=\"3 minutes\" \/>\n<script type=\"application\/ld+json\" class=\"yoast-schema-graph\">{\"@context\":\"https:\/\/schema.org\",\"@graph\":[{\"@type\":\"WebPage\",\"@id\":\"https:\/\/aikidojo.fr\/ajaccio\/stages-aikido-corse-ajaccio\",\"url\":\"https:\/\/aikidojo.fr\/ajaccio\/stages-aikido-corse-ajaccio\",\"name\":\"Stages - Cours d&#039;Aikido Fondamental \u00e0 Ajaccio\",\"isPartOf\":{\"@id\":\"https:\/\/aikidojo.fr\/ajaccio\/#website\"},\"datePublished\":\"2011-07-30T10:22:00+00:00\",\"dateModified\":\"2026-03-30T20:12:05+00:00\",\"description\":\"Stage aikido dirig\u00e9 par Stef Bravin \u00e0 Lyon en octobre 2022 lors du rassemblement national ufolep\",\"breadcrumb\":{\"@id\":\"https:\/\/aikidojo.fr\/ajaccio\/stages-aikido-corse-ajaccio#breadcrumb\"},\"inLanguage\":\"fr-FR\",\"potentialAction\":[{\"@type\":\"ReadAction\",\"target\":[\"https:\/\/aikidojo.fr\/ajaccio\/stages-aikido-corse-ajaccio\"]}]},{\"@type\":\"BreadcrumbList\",\"@id\":\"https:\/\/aikidojo.fr\/ajaccio\/stages-aikido-corse-ajaccio#breadcrumb\",\"itemListElement\":[{\"@type\":\"ListItem\",\"position\":1,\"name\":\"Home\",\"item\":\"https:\/\/aikidojo.fr\/ajaccio\/\"},{\"@type\":\"ListItem\",\"position\":2,\"name\":\"Stages\"}]},{\"@type\":\"WebSite\",\"@id\":\"https:\/\/aikidojo.fr\/ajaccio\/#website\",\"url\":\"https:\/\/aikidojo.fr\/ajaccio\/\",\"name\":\"Aikido Fondamental \u00e0 Ajaccio\",\"description\":\"FAA Corse\",\"publisher\":{\"@id\":\"https:\/\/aikidojo.fr\/ajaccio\/#organization\"},\"potentialAction\":[{\"@type\":\"SearchAction\",\"target\":{\"@type\":\"EntryPoint\",\"urlTemplate\":\"https:\/\/aikidojo.fr\/ajaccio\/?s={search_term_string}\"},\"query-input\":{\"@type\":\"PropertyValueSpecification\",\"valueRequired\":true,\"valueName\":\"search_term_string\"}}],\"inLanguage\":\"fr-FR\"},{\"@type\":\"Organization\",\"@id\":\"https:\/\/aikidojo.fr\/ajaccio\/#organization\",\"name\":\"AIki Dojo Ajaccio\",\"url\":\"https:\/\/aikidojo.fr\/ajaccio\/\",\"logo\":{\"@type\":\"ImageObject\",\"inLanguage\":\"fr-FR\",\"@id\":\"https:\/\/aikidojo.fr\/ajaccio\/#\/schema\/logo\/image\/\",\"url\":\"https:\/\/aikidojo.fr\/ajaccio\/wp-content\/uploads\/2011\/07\/kamon_aikidojo_ajaccio.jpg\",\"contentUrl\":\"https:\/\/aikidojo.fr\/ajaccio\/wp-content\/uploads\/2011\/07\/kamon_aikidojo_ajaccio.jpg\",\"width\":150,\"height\":150,\"caption\":\"AIki Dojo Ajaccio\"},\"image\":{\"@id\":\"https:\/\/aikidojo.fr\/ajaccio\/#\/schema\/logo\/image\/\"},\"sameAs\":[\"https:\/\/www.facebook.com\/aikidojoajaccio\"]}]}<\/script>\n<!-- \/ Yoast SEO plugin. -->","yoast_head_json":{"title":"Stages - Cours d&#039;Aikido Fondamental \u00e0 Ajaccio","description":"Stage aikido dirig\u00e9 par Stef Bravin \u00e0 Lyon en octobre 2022 lors du rassemblement national ufolep","robots":{"index":"index","follow":"follow","max-snippet":"max-snippet:-1","max-image-preview":"max-image-preview:large","max-video-preview":"max-video-preview:-1"},"canonical":"https:\/\/aikidojo.fr\/ajaccio\/stages-aikido-corse-ajaccio","og_locale":"fr_FR","og_type":"article","og_title":"Stages - Cours d&#039;Aikido Fondamental \u00e0 Ajaccio","og_description":"Stage aikido dirig\u00e9 par Stef Bravin \u00e0 Lyon en octobre 2022 lors du rassemblement national ufolep","og_url":"https:\/\/aikidojo.fr\/ajaccio\/stages-aikido-corse-ajaccio","og_site_name":"Cours d&#039;Aikido Fondamental \u00e0 Ajaccio","article_publisher":"https:\/\/www.facebook.com\/aikidojoajaccio","article_modified_time":"2026-03-30T20:12:05+00:00","twitter_card":"summary_large_image","twitter_misc":{"Dur\u00e9e de lecture estim\u00e9e":"3 minutes"},"schema":{"@context":"https:\/\/schema.org","@graph":[{"@type":"WebPage","@id":"https:\/\/aikidojo.fr\/ajaccio\/stages-aikido-corse-ajaccio","url":"https:\/\/aikidojo.fr\/ajaccio\/stages-aikido-corse-ajaccio","name":"Stages - Cours d&#039;Aikido Fondamental \u00e0 Ajaccio","isPartOf":{"@id":"https:\/\/aikidojo.fr\/ajaccio\/#website"},"datePublished":"2011-07-30T10:22:00+00:00","dateModified":"2026-03-30T20:12:05+00:00","description":"Stage aikido dirig\u00e9 par Stef Bravin \u00e0 Lyon en octobre 2022 lors du rassemblement national ufolep","breadcrumb":{"@id":"https:\/\/aikidojo.fr\/ajaccio\/stages-aikido-corse-ajaccio#breadcrumb"},"inLanguage":"fr-FR","potentialAction":[{"@type":"ReadAction","target":["https:\/\/aikidojo.fr\/ajaccio\/stages-aikido-corse-ajaccio"]}]},{"@type":"BreadcrumbList","@id":"https:\/\/aikidojo.fr\/ajaccio\/stages-aikido-corse-ajaccio#breadcrumb","itemListElement":[{"@type":"ListItem","position":1,"name":"Home","item":"https:\/\/aikidojo.fr\/ajaccio\/"},{"@type":"ListItem","position":2,"name":"Stages"}]},{"@type":"WebSite","@id":"https:\/\/aikidojo.fr\/ajaccio\/#website","url":"https:\/\/aikidojo.fr\/ajaccio\/","name":"Aikido Fondamental \u00e0 Ajaccio","description":"FAA Corse","publisher":{"@id":"https:\/\/aikidojo.fr\/ajaccio\/#organization"},"potentialAction":[{"@type":"SearchAction","target":{"@type":"EntryPoint","urlTemplate":"https:\/\/aikidojo.fr\/ajaccio\/?s={search_term_string}"},"query-input":{"@type":"PropertyValueSpecification","valueRequired":true,"valueName":"search_term_string"}}],"inLanguage":"fr-FR"},{"@type":"Organization","@id":"https:\/\/aikidojo.fr\/ajaccio\/#organization","name":"AIki Dojo Ajaccio","url":"https:\/\/aikidojo.fr\/ajaccio\/","logo":{"@type":"ImageObject","inLanguage":"fr-FR","@id":"https:\/\/aikidojo.fr\/ajaccio\/#\/schema\/logo\/image\/","url":"https:\/\/aikidojo.fr\/ajaccio\/wp-content\/uploads\/2011\/07\/kamon_aikidojo_ajaccio.jpg","contentUrl":"https:\/\/aikidojo.fr\/ajaccio\/wp-content\/uploads\/2011\/07\/kamon_aikidojo_ajaccio.jpg","width":150,"height":150,"caption":"AIki Dojo Ajaccio"},"image":{"@id":"https:\/\/aikidojo.fr\/ajaccio\/#\/schema\/logo\/image\/"},"sameAs":["https:\/\/www.facebook.com\/aikidojoajaccio"]}]}},"_links":{"self":[{"href":"https:\/\/aikidojo.fr\/ajaccio\/wp-json\/wp\/v2\/pages\/10"}],"collection":[{"href":"https:\/\/aikidojo.fr\/ajaccio\/wp-json\/wp\/v2\/pages"}],"about":[{"href":"https:\/\/aikidojo.fr\/ajaccio\/wp-json\/wp\/v2\/types\/page"}],"author":[{"embeddable":true,"href":"https:\/\/aikidojo.fr\/ajaccio\/wp-json\/wp\/v2\/users\/1"}],"replies":[{"embeddable":true,"href":"https:\/\/aikidojo.fr\/ajaccio\/wp-json\/wp\/v2\/comments?post=10"}],"version-history":[{"count":5,"href":"https:\/\/aikidojo.fr\/ajaccio\/wp-json\/wp\/v2\/pages\/10\/revisions"}],"predecessor-version":[{"id":3461,"href":"https:\/\/aikidojo.fr\/ajaccio\/wp-json\/wp\/v2\/pages\/10\/revisions\/3461"}],"wp:attachment":[{"href":"https:\/\/aikidojo.fr\/ajaccio\/wp-json\/wp\/v2\/media?parent=10"}],"curies":[{"name":"wp","href":"https:\/\/api.w.org\/{rel}","templated":true}]}}