{"id":2,"date":"2011-07-30T10:09:40","date_gmt":"2011-07-30T10:09:40","guid":{"rendered":"https:\/\/aikidojo.fr\/ajaccio\/?page_id=2"},"modified":"2026-03-30T20:10:06","modified_gmt":"2026-03-30T20:10:06","slug":"aikido","status":"publish","type":"page","link":"https:\/\/aikidojo.fr\/ajaccio\/","title":{"rendered":"Aikido"},"content":{"rendered":"<h3 style=\"text-align: justify;\"><em><span style=\"color: #999999;\">Vivez \u00e0 Ajaccio, l&rsquo;exp\u00e9rience d&rsquo;un dojo traditionnel selon les enseignements du Fondateur\u00a0<\/span><\/em><\/h3>\n<blockquote><p><strong>Prochain <a href=\"https:\/\/aikidojo.fr\/ajaccio\/wp-content\/uploads\/2026\/03\/stage-aikido-maintenon-stephane-bravin.jpg\" target=\"_blank\" rel=\"noopener\">stage<\/a> : <\/strong>\u00e0 Maintenon (28) dirig\u00e9 par St\u00e9phane Bravin le <strong>19 avril<\/strong> 2026<\/p>\n<p style=\"text-align: justify;\">4 <a href=\"https:\/\/aikidojo.fr\/ajaccio\/cours-aikido-ajaccio-corse\" target=\"_blank\" rel=\"noopener\"><strong>cours<\/strong><\/a> par semaine : lundi et jeudi de 19h \u00e0 20h et de 20h \u00e0 21h &#8211; inscription possible toute l&rsquo;ann\u00e9e<\/p>\n<p><strong>NOUVEAU :<\/strong><a href=\"https:\/\/aikidojo.fr\/ajaccio\/video-aikido\/3330-demonstration-d-aikido-a-ajaccio.html\" target=\"_blank\" rel=\"noopener\"> Demo<\/a> au forum des associations : c&rsquo;est <a href=\"https:\/\/aikidojo.fr\/ajaccio\/video-aikido\/3330-demonstration-d-aikido-a-ajaccio.html\" target=\"_blank\" rel=\"noopener\">ici<\/a><\/p>\n<p>Votre <a href=\"https:\/\/aikidojo.fr\/ajaccio\/enseignant-aikido-ajaccio-corse\" target=\"_blank\" rel=\"noopener\">instructeur<\/a> a \u00e9t\u00e9 promu au grade de <strong>5<\/strong> dan d&rsquo;aikido et a re\u00e7u \u00e0 la m\u00e9daille de bronze de la Jeunesse et Sport<\/p><\/blockquote>\n<p><img loading=\"lazy\" decoding=\"async\" class=\"alignright wp-image-1504 size-medium\" src=\"https:\/\/aikidojo.fr\/ajaccio\/wp-content\/uploads\/2011\/07\/Morihei-Ueshiba-and-Morihiro-Saito-300x256.jpg\" alt=\"Saito Morihiro sensei avec le Fondateur Morihei Ueshiba \u00e0 Iwama\" width=\"300\" height=\"256\" srcset=\"https:\/\/aikidojo.fr\/ajaccio\/wp-content\/uploads\/2011\/07\/Morihei-Ueshiba-and-Morihiro-Saito-300x256.jpg 300w, https:\/\/aikidojo.fr\/ajaccio\/wp-content\/uploads\/2011\/07\/Morihei-Ueshiba-and-Morihiro-Saito-150x128.jpg 150w, https:\/\/aikidojo.fr\/ajaccio\/wp-content\/uploads\/2011\/07\/Morihei-Ueshiba-and-Morihiro-Saito.jpg 400w\" sizes=\"(max-width: 300px) 100vw, 300px\" \/><\/p>\n<p style=\"text-align: justify;\">L&rsquo;<strong>Aikido<\/strong> est un budo traditionnel japonais dans lequel toute forme de comp\u00e9tition est exclue, mais qui n&rsquo;oublie pas les notions de combat. Ses origines viennent d&rsquo;anciens koryu &#8211;\u00a0<em>anciennes \u00e9coles d\u2019arts martiaux<\/em> &#8211; regroupant des techniques de sabre, b\u00e2ton, lance, fusil \u00e0 ba\u00efonnette, naginata, pour les armes, et de l\u2019\u00e9cole Dayto Ryu aikijujutsu du clan Takeda &#8211; <em>descendant de l&rsquo;Empereur Seiwa<\/em> &#8211; pour la partie mains nues. Toutes ces techniques ont \u00e9t\u00e9 \u00e9prouv\u00e9es pendant plus de 1000 ans sur les champs de bataille. Le Fondateur enseignait le \u00ab\u00a0self-defense\u00a0\u00bb \u00e0 la police de Tokyo et \u00e0 l&rsquo;arm\u00e9e japonaise. La pratique se fait aussi bien \u00e0 mains nues qu&rsquo;avec des armes en bois tel le sabre, le b\u00e2ton, ou le couteau. Le tout est bas\u00e9 sur le respect de l&rsquo;int\u00e9grit\u00e9 des 2 partenaires tout en ayant des attaques sinc\u00e8res et contr\u00f4l\u00e9es.<\/p>\n<p style=\"text-align: justify;\">C&rsquo;est un budo ouvert sur notre \u00e9poque. L\u2019Aikido, dans ses principes, suit les lois naturelles.\u00a0Les mouvements sont circulaires, sans heurts, et une pratique r\u00e9guli\u00e8re a des effets tr\u00e8s b\u00e9n\u00e9fiques sur la sant\u00e9. Au del\u00e0 de l\u2019aspect de self-defense tr\u00e8s efficace, l\u2019Aikido est l\u2019art de la non-violence. Le but de ce noble art japonais est de rechercher l\u2019harmonie dans toutes situations. Au del\u00e0 de la technique, qui est empreinte de ces principes, le pratiquant d\u00e9couvre un v\u00e9ritable art de vivre qui permet de trouver la paix en soi, paix qui se refl\u00e8te ensuite dans toute les situations de la vie quotidienne et permet de meilleures relations humaines.<\/p>\n<p style=\"text-align: justify;\">Notre nom <strong><em>Aikidojo Ajaccio<\/em><\/strong>, \u00a0vient du nom du dojo du Fondateur \u00e0 Iwama. Ce qui vous sera enseign\u00e9 au dojo a \u00e9t\u00e9 transmis par <a href=\"https:\/\/aikidojo.fr\/ajaccio\/lignee\">Saito Morihiro Sensei<\/a>, seul \u00e9l\u00e8ve du Fondateur ayant pass\u00e9 23 ans aupr\u00e8s de lui. Nous sommes donc \u00e0 la <strong><em>source<\/em><\/strong> m\u00eame de cet Art.<\/p>\n<p style=\"text-align: justify;\">Les <a href=\"https:\/\/aikidojo.fr\/ajaccio\/cours-aikido-ajaccio-corse\" target=\"_blank\" rel=\"noopener noreferrer\">cours<\/a> sont assur\u00e9s par un <a href=\"https:\/\/aikidojo.fr\/ajaccio\/enseignant-aikido-corse\" target=\"_blank\" rel=\"noopener noreferrer\">instructeur<\/a> 5 Dan qui a 34 ans de travail en a\u00efkido.<\/p>\n<h3><span style=\"color: #808080;\"><i>\u00ab Osez pousser la porte du dojo, \u00a0pratiquez, \u00a0transpirez, c\u2019est seulement apr\u00e8s que vient le sens des choses \u00bb<\/i>\u00a0 &#8211; \u00a0St\u00e8 Bravin<\/span><\/h3>\n<h4><strong><em>Vous pouvez nous rejoindre toute l&rsquo;ann\u00e9e<\/em><\/strong><\/h4>\n<p style=\"text-align: justify;\"><span style=\"color: #ffffff;\">ajaccio<\/span><\/p>\n<p><strong>Cette discipline est ouverte \u00e0 tous, et ne n\u00e9cessite pas d&rsquo;aptitudes particuli\u00e8res.<\/strong><\/p>\n<p><iframe loading=\"lazy\" title=\"Demonstration aikido ajaccio 2024\" width=\"1200\" height=\"675\" src=\"https:\/\/www.youtube.com\/embed\/1qnGpxSR3OU?feature=oembed\" frameborder=\"0\" allow=\"accelerometer; autoplay; clipboard-write; encrypted-media; gyroscope; picture-in-picture; web-share\" referrerpolicy=\"strict-origin-when-cross-origin\" allowfullscreen><\/iframe><\/p>\n<p><iframe loading=\"lazy\" title=\"Aikidojo Ajaccio Wa no Michi iwama ryu faa\" width=\"1200\" height=\"675\" src=\"https:\/\/www.youtube.com\/embed\/JUfIzL8RU7Q?feature=oembed\" frameborder=\"0\" allow=\"accelerometer; autoplay; clipboard-write; encrypted-media; gyroscope; picture-in-picture; web-share\" referrerpolicy=\"strict-origin-when-cross-origin\" allowfullscreen><\/iframe><\/p>\n<h5><span style=\"color: #808080;\">Bref historique<\/span><\/h5>\n<figure id=\"attachment_182\" aria-describedby=\"caption-attachment-182\" style=\"width: 230px\" class=\"wp-caption alignleft\"><a href=\"https:\/\/aikidojo.fr\/ajaccio\/aikido\/attachment\/entrainement\" rel=\"attachment wp-att-182\"><img loading=\"lazy\" decoding=\"async\" class=\"wp-image-182 size-full\" title=\"Club Aikido Corse\" src=\"https:\/\/aikidojo.fr\/ajaccio\/wp-content\/uploads\/2011\/07\/entrainement.jpg\" alt=\"Morihei Ueshiba et Morihiro Saito pratiquant l'aikiken \u00e0 Iwama\" width=\"240\" height=\"298\" srcset=\"https:\/\/aikidojo.fr\/ajaccio\/wp-content\/uploads\/2011\/07\/entrainement.jpg 240w, https:\/\/aikidojo.fr\/ajaccio\/wp-content\/uploads\/2011\/07\/entrainement-120x150.jpg 120w\" sizes=\"(max-width: 240px) 100vw, 240px\" \/><\/a><figcaption id=\"caption-attachment-182\" class=\"wp-caption-text\">O Sensei et le jeune Saito \u00e0 Iwama<\/figcaption><\/figure>\n<p style=\"text-align: justify;\">L&rsquo;A\u00efkido est n\u00e9 au Japon aux environs de 1920, et a \u00e9t\u00e9 fond\u00e9 par <a title=\"Morihei Ueshiba\" href=\"https:\/\/aikidoblog.net\/fr\/la-vie-de-ueshiba-fondateur-aikido\/\" target=\"_blank\" rel=\"noopener noreferrer\">Morihei Ueshiba<\/a>\u00a0(nomm\u00e9 aussi O Sensei).<span style=\"color: #000000;\">\u00a0A l&rsquo;origine des techniques,\u00a0plusieurs \u00e9coles d&rsquo;arts martiaux\u00a0\u00e0 mains nues\u00a0et\u00a0aux\u00a0armes<\/span>, \u00a0dont le Dayto-Ryu JuJutsu (du clan Takeda, dont O Sensei fut disciple), \u00a0de lance, \u00a0de sabre&#8230; Le fondateur a cr\u00e9\u00e9 dans les ann\u00e9es 40 un dojo \u00e0 Tokyo, l&rsquo;Aikika\u00ef (Hombu dojo), qu&rsquo;il l\u00e9gua \u00e0 son fils. Apr\u00e8s la guerre, il s&rsquo;installa d\u00e9finitivement dans un petit village \u00e0 une centaine de kilom\u00e8tres au nord de Tokyo, \u00a0Iwama. C&rsquo;est ici, \u00e0 Iwama qu&rsquo;il d\u00e9veloppa l&rsquo;A\u00efkido sous sa forme la plus aboutie, celle que nous pratiquons aujourd&rsquo;hui encore au sein de notre \u00e9cole d&rsquo;aikido fondamental.<\/p>\n<p style=\"text-align: justify;\">Un jour d&rsquo;\u00e9t\u00e9 de 1946, un jeune homme, <a title=\"Morihiro Saito Sensei\" href=\"https:\/\/aikidoblog.net\/fr\/aikido\/sensei\/morihiro-saito-sensei\/\" target=\"_blank\" rel=\"noopener noreferrer\">Morihiro Saito<\/a>, se rendit au dojo du fondateur \u00e0 Iwama&#8230; pour ne jamais en repartir. Il a pass\u00e9 23 ans aupr\u00e8s du fondateur, \u00e0 le servir, et est devenu son plus proche \u00e9l\u00e8ve, jusqu&rsquo;\u00e0 la mort du fondateur en 1969. \u00a0Avant de mourir O Sensei le nomma gardien du sanctuaire de l&rsquo;Aiki-Jinja et de l&rsquo;A\u00efkido d&rsquo;Iwama. Il a \u00e9galement eu la charge du dojo d&rsquo;Iwama, lieu d&rsquo;entrainement, et de perfectionnement du fondateur.<\/p>\n<p style=\"text-align: justify;\">Saito Sensei s&rsquo;est efforc\u00e9 jusqu&rsquo;\u00e0 sa mort en 2002, de transmettre le plus fid\u00e8lement et humblement possible, \u00a0les enseignements qu&rsquo;il a re\u00e7u du fondateur.<\/p>\n<h5 style=\"text-align: center;\"><strong>Ce sont ces enseignements l\u00e0 que nous vous retransmettrons.<\/strong><\/h5>\n<blockquote><p>Le vrai Budo est d\u00e9di\u00e9 \u00e0 la construction d&rsquo;un monde de paix. Entra\u00eenez-vous chaque jour dans cet esprit.<br \/>\n&#8211; O Sensei Ueshiba<\/p>\n<p style=\"text-align: justify;\">\n<\/blockquote>\n","protected":false},"excerpt":{"rendered":"<p>Vivez \u00e0 Ajaccio, l&rsquo;exp\u00e9rience d&rsquo;un dojo traditionnel selon les enseignements du Fondateur\u00a0 Prochain stage : \u00e0 Maintenon (28) dirig\u00e9 par St\u00e9phane Bravin le 19 avril 2026 4 cours par semaine : lundi et jeudi de 19h \u00e0 20h et de 20h \u00e0 21h &#8211; inscription possible toute l&rsquo;ann\u00e9e NOUVEAU : Demo au forum des associations &#8230; <a title=\"Aikido\" class=\"read-more\" href=\"https:\/\/aikidojo.fr\/ajaccio\/\" aria-label=\"En savoir plus sur Aikido\">Lire plus<\/a><\/p>\n","protected":false},"author":1,"featured_media":0,"parent":0,"menu_order":10,"comment_status":"closed","ping_status":"closed","template":"","meta":{"footnotes":""},"class_list":{"0":"post-2","1":"page","2":"type-page","3":"status-publish","5":"infinite-scroll-item"},"yoast_head":"<!-- This site is optimized with the Yoast SEO plugin v23.4 - https:\/\/yoast.com\/wordpress\/plugins\/seo\/ -->\n<title>Aikido - Cours d&#039;Aikido Fondamental \u00e0 Ajaccio<\/title>\n<meta name=\"description\" content=\"Saito Morihiro Sensei et Morihei Ueshiba sont devant l&#039;aikijinja \u00e0 Iwama. Morihiro Saito est le successeur d\u00e9sign\u00e9 par O Sensei\" \/>\n<meta name=\"robots\" content=\"index, follow, max-snippet:-1, max-image-preview:large, max-video-preview:-1\" \/>\n<link rel=\"canonical\" href=\"https:\/\/aikidojo.fr\/ajaccio\/\" \/>\n<meta property=\"og:locale\" content=\"fr_FR\" \/>\n<meta property=\"og:type\" content=\"article\" \/>\n<meta property=\"og:title\" content=\"Aikido - Cours d&#039;Aikido Fondamental \u00e0 Ajaccio\" \/>\n<meta property=\"og:description\" content=\"Saito Morihiro Sensei et Morihei Ueshiba sont devant l&#039;aikijinja \u00e0 Iwama. Morihiro Saito est le successeur d\u00e9sign\u00e9 par O Sensei\" \/>\n<meta property=\"og:url\" content=\"https:\/\/aikidojo.fr\/ajaccio\/\" \/>\n<meta property=\"og:site_name\" content=\"Cours d&#039;Aikido Fondamental \u00e0 Ajaccio\" \/>\n<meta property=\"article:publisher\" content=\"https:\/\/www.facebook.com\/aikidojoajaccio\" \/>\n<meta property=\"article:modified_time\" content=\"2026-03-30T20:10:06+00:00\" \/>\n<meta property=\"og:image\" content=\"https:\/\/aikidojo.fr\/ajaccio\/wp-content\/uploads\/2011\/07\/Morihei-Ueshiba-and-Morihiro-Saito-300x256.jpg\" \/>\n<meta name=\"twitter:card\" content=\"summary_large_image\" \/>\n<meta name=\"twitter:label1\" content=\"Dur\u00e9e de lecture estim\u00e9e\" \/>\n\t<meta name=\"twitter:data1\" content=\"4 minutes\" \/>\n<script type=\"application\/ld+json\" class=\"yoast-schema-graph\">{\"@context\":\"https:\/\/schema.org\",\"@graph\":[{\"@type\":\"WebPage\",\"@id\":\"https:\/\/aikidojo.fr\/ajaccio\/\",\"url\":\"https:\/\/aikidojo.fr\/ajaccio\/\",\"name\":\"Aikido - Cours d&#039;Aikido Fondamental \u00e0 Ajaccio\",\"isPartOf\":{\"@id\":\"https:\/\/aikidojo.fr\/ajaccio\/#website\"},\"primaryImageOfPage\":{\"@id\":\"https:\/\/aikidojo.fr\/ajaccio\/#primaryimage\"},\"image\":{\"@id\":\"https:\/\/aikidojo.fr\/ajaccio\/#primaryimage\"},\"thumbnailUrl\":\"https:\/\/aikidojo.fr\/ajaccio\/wp-content\/uploads\/2011\/07\/Morihei-Ueshiba-and-Morihiro-Saito-300x256.jpg\",\"datePublished\":\"2011-07-30T10:09:40+00:00\",\"dateModified\":\"2026-03-30T20:10:06+00:00\",\"description\":\"Saito Morihiro Sensei et Morihei Ueshiba sont devant l'aikijinja \u00e0 Iwama. Morihiro Saito est le successeur d\u00e9sign\u00e9 par O Sensei\",\"breadcrumb\":{\"@id\":\"https:\/\/aikidojo.fr\/ajaccio\/#breadcrumb\"},\"inLanguage\":\"fr-FR\",\"potentialAction\":[{\"@type\":\"ReadAction\",\"target\":[\"https:\/\/aikidojo.fr\/ajaccio\/\"]}]},{\"@type\":\"ImageObject\",\"inLanguage\":\"fr-FR\",\"@id\":\"https:\/\/aikidojo.fr\/ajaccio\/#primaryimage\",\"url\":\"https:\/\/aikidojo.fr\/ajaccio\/wp-content\/uploads\/2011\/07\/Morihei-Ueshiba-and-Morihiro-Saito.jpg\",\"contentUrl\":\"https:\/\/aikidojo.fr\/ajaccio\/wp-content\/uploads\/2011\/07\/Morihei-Ueshiba-and-Morihiro-Saito.jpg\",\"width\":400,\"height\":342},{\"@type\":\"BreadcrumbList\",\"@id\":\"https:\/\/aikidojo.fr\/ajaccio\/#breadcrumb\",\"itemListElement\":[{\"@type\":\"ListItem\",\"position\":1,\"name\":\"Home\",\"item\":\"https:\/\/aikidojo.fr\/ajaccio\/\"},{\"@type\":\"ListItem\",\"position\":2,\"name\":\"Aikido\"}]},{\"@type\":\"WebSite\",\"@id\":\"https:\/\/aikidojo.fr\/ajaccio\/#website\",\"url\":\"https:\/\/aikidojo.fr\/ajaccio\/\",\"name\":\"Aikido Fondamental \u00e0 Ajaccio\",\"description\":\"FAA Corse\",\"publisher\":{\"@id\":\"https:\/\/aikidojo.fr\/ajaccio\/#organization\"},\"potentialAction\":[{\"@type\":\"SearchAction\",\"target\":{\"@type\":\"EntryPoint\",\"urlTemplate\":\"https:\/\/aikidojo.fr\/ajaccio\/?s={search_term_string}\"},\"query-input\":{\"@type\":\"PropertyValueSpecification\",\"valueRequired\":true,\"valueName\":\"search_term_string\"}}],\"inLanguage\":\"fr-FR\"},{\"@type\":\"Organization\",\"@id\":\"https:\/\/aikidojo.fr\/ajaccio\/#organization\",\"name\":\"AIki Dojo Ajaccio\",\"url\":\"https:\/\/aikidojo.fr\/ajaccio\/\",\"logo\":{\"@type\":\"ImageObject\",\"inLanguage\":\"fr-FR\",\"@id\":\"https:\/\/aikidojo.fr\/ajaccio\/#\/schema\/logo\/image\/\",\"url\":\"https:\/\/aikidojo.fr\/ajaccio\/wp-content\/uploads\/2011\/07\/kamon_aikidojo_ajaccio.jpg\",\"contentUrl\":\"https:\/\/aikidojo.fr\/ajaccio\/wp-content\/uploads\/2011\/07\/kamon_aikidojo_ajaccio.jpg\",\"width\":150,\"height\":150,\"caption\":\"AIki Dojo Ajaccio\"},\"image\":{\"@id\":\"https:\/\/aikidojo.fr\/ajaccio\/#\/schema\/logo\/image\/\"},\"sameAs\":[\"https:\/\/www.facebook.com\/aikidojoajaccio\"]}]}<\/script>\n<!-- \/ Yoast SEO plugin. -->","yoast_head_json":{"title":"Aikido - Cours d&#039;Aikido Fondamental \u00e0 Ajaccio","description":"Saito Morihiro Sensei et Morihei Ueshiba sont devant l'aikijinja \u00e0 Iwama. Morihiro Saito est le successeur d\u00e9sign\u00e9 par O Sensei","robots":{"index":"index","follow":"follow","max-snippet":"max-snippet:-1","max-image-preview":"max-image-preview:large","max-video-preview":"max-video-preview:-1"},"canonical":"https:\/\/aikidojo.fr\/ajaccio\/","og_locale":"fr_FR","og_type":"article","og_title":"Aikido - Cours d&#039;Aikido Fondamental \u00e0 Ajaccio","og_description":"Saito Morihiro Sensei et Morihei Ueshiba sont devant l'aikijinja \u00e0 Iwama. Morihiro Saito est le successeur d\u00e9sign\u00e9 par O Sensei","og_url":"https:\/\/aikidojo.fr\/ajaccio\/","og_site_name":"Cours d&#039;Aikido Fondamental \u00e0 Ajaccio","article_publisher":"https:\/\/www.facebook.com\/aikidojoajaccio","article_modified_time":"2026-03-30T20:10:06+00:00","og_image":[{"url":"https:\/\/aikidojo.fr\/ajaccio\/wp-content\/uploads\/2011\/07\/Morihei-Ueshiba-and-Morihiro-Saito-300x256.jpg"}],"twitter_card":"summary_large_image","twitter_misc":{"Dur\u00e9e de lecture estim\u00e9e":"4 minutes"},"schema":{"@context":"https:\/\/schema.org","@graph":[{"@type":"WebPage","@id":"https:\/\/aikidojo.fr\/ajaccio\/","url":"https:\/\/aikidojo.fr\/ajaccio\/","name":"Aikido - Cours d&#039;Aikido Fondamental \u00e0 Ajaccio","isPartOf":{"@id":"https:\/\/aikidojo.fr\/ajaccio\/#website"},"primaryImageOfPage":{"@id":"https:\/\/aikidojo.fr\/ajaccio\/#primaryimage"},"image":{"@id":"https:\/\/aikidojo.fr\/ajaccio\/#primaryimage"},"thumbnailUrl":"https:\/\/aikidojo.fr\/ajaccio\/wp-content\/uploads\/2011\/07\/Morihei-Ueshiba-and-Morihiro-Saito-300x256.jpg","datePublished":"2011-07-30T10:09:40+00:00","dateModified":"2026-03-30T20:10:06+00:00","description":"Saito Morihiro Sensei et Morihei Ueshiba sont devant l'aikijinja \u00e0 Iwama. Morihiro Saito est le successeur d\u00e9sign\u00e9 par O Sensei","breadcrumb":{"@id":"https:\/\/aikidojo.fr\/ajaccio\/#breadcrumb"},"inLanguage":"fr-FR","potentialAction":[{"@type":"ReadAction","target":["https:\/\/aikidojo.fr\/ajaccio\/"]}]},{"@type":"ImageObject","inLanguage":"fr-FR","@id":"https:\/\/aikidojo.fr\/ajaccio\/#primaryimage","url":"https:\/\/aikidojo.fr\/ajaccio\/wp-content\/uploads\/2011\/07\/Morihei-Ueshiba-and-Morihiro-Saito.jpg","contentUrl":"https:\/\/aikidojo.fr\/ajaccio\/wp-content\/uploads\/2011\/07\/Morihei-Ueshiba-and-Morihiro-Saito.jpg","width":400,"height":342},{"@type":"BreadcrumbList","@id":"https:\/\/aikidojo.fr\/ajaccio\/#breadcrumb","itemListElement":[{"@type":"ListItem","position":1,"name":"Home","item":"https:\/\/aikidojo.fr\/ajaccio\/"},{"@type":"ListItem","position":2,"name":"Aikido"}]},{"@type":"WebSite","@id":"https:\/\/aikidojo.fr\/ajaccio\/#website","url":"https:\/\/aikidojo.fr\/ajaccio\/","name":"Aikido Fondamental \u00e0 Ajaccio","description":"FAA Corse","publisher":{"@id":"https:\/\/aikidojo.fr\/ajaccio\/#organization"},"potentialAction":[{"@type":"SearchAction","target":{"@type":"EntryPoint","urlTemplate":"https:\/\/aikidojo.fr\/ajaccio\/?s={search_term_string}"},"query-input":{"@type":"PropertyValueSpecification","valueRequired":true,"valueName":"search_term_string"}}],"inLanguage":"fr-FR"},{"@type":"Organization","@id":"https:\/\/aikidojo.fr\/ajaccio\/#organization","name":"AIki Dojo Ajaccio","url":"https:\/\/aikidojo.fr\/ajaccio\/","logo":{"@type":"ImageObject","inLanguage":"fr-FR","@id":"https:\/\/aikidojo.fr\/ajaccio\/#\/schema\/logo\/image\/","url":"https:\/\/aikidojo.fr\/ajaccio\/wp-content\/uploads\/2011\/07\/kamon_aikidojo_ajaccio.jpg","contentUrl":"https:\/\/aikidojo.fr\/ajaccio\/wp-content\/uploads\/2011\/07\/kamon_aikidojo_ajaccio.jpg","width":150,"height":150,"caption":"AIki Dojo Ajaccio"},"image":{"@id":"https:\/\/aikidojo.fr\/ajaccio\/#\/schema\/logo\/image\/"},"sameAs":["https:\/\/www.facebook.com\/aikidojoajaccio"]}]}},"_links":{"self":[{"href":"https:\/\/aikidojo.fr\/ajaccio\/wp-json\/wp\/v2\/pages\/2"}],"collection":[{"href":"https:\/\/aikidojo.fr\/ajaccio\/wp-json\/wp\/v2\/pages"}],"about":[{"href":"https:\/\/aikidojo.fr\/ajaccio\/wp-json\/wp\/v2\/types\/page"}],"author":[{"embeddable":true,"href":"https:\/\/aikidojo.fr\/ajaccio\/wp-json\/wp\/v2\/users\/1"}],"replies":[{"embeddable":true,"href":"https:\/\/aikidojo.fr\/ajaccio\/wp-json\/wp\/v2\/comments?post=2"}],"version-history":[{"count":6,"href":"https:\/\/aikidojo.fr\/ajaccio\/wp-json\/wp\/v2\/pages\/2\/revisions"}],"predecessor-version":[{"id":3459,"href":"https:\/\/aikidojo.fr\/ajaccio\/wp-json\/wp\/v2\/pages\/2\/revisions\/3459"}],"wp:attachment":[{"href":"https:\/\/aikidojo.fr\/ajaccio\/wp-json\/wp\/v2\/media?parent=2"}],"curies":[{"name":"wp","href":"https:\/\/api.w.org\/{rel}","templated":true}]}}